{"id":596,"date":"2018-03-27T08:06:26","date_gmt":"2018-03-27T08:06:26","guid":{"rendered":"http:\/\/psb-marine.com\/?page_id=596"},"modified":"2026-02-19T16:46:26","modified_gmt":"2026-02-19T16:46:26","slug":"invernaje-embarcaciones-yates-mallorca","status":"publish","type":"page","link":"https:\/\/psb-marine.com\/es\/invernaje-embarcaciones-yates-mallorca\/","title":{"rendered":"Invernaje de embarcaciones y yates en Mallorca"},"content":{"rendered":"<p>[et_pb_section fb_built=\u00bb1&#8243; _builder_version=\u00bb4.16&#8243; background_color=\u00bbc\u00bb use_background_color_gradient=\u00bbon\u00bb background_color_gradient_stops=\u00bbrgba(42,208,249,0.88) 0%|rgba(77,215,249,0.88) 100%\u00bb background_color_gradient_overlays_image=\u00bbon\u00bb background_color_gradient_start=\u00bbrgba(42,208,249,0.88)\u00bb background_color_gradient_end=\u00bbrgba(77,215,249,0.88)\u00bb background_image=\u00bbhttps:\/\/psb-marine.com\/wp-content\/uploads\/2018\/03\/Sanlorenzo-luxury-yacht-SEVEN-SINS-Winner-of-the-Best-Interior-Design-Award2.jpg\u00bb background_blend=\u00bbscreen\u00bb custom_padding=\u00bb150px|0px|150px|0px\u00bb global_colors_info=\u00bb{}\u00bb][et_pb_row _builder_version=\u00bb4.16&#8243; background_color=\u00bbrgba(0,0,0,0.39)\u00bb max_width=\u00bb500px\u00bb global_colors_info=\u00bb{}\u00bb][et_pb_column type=\u00bb4_4&#8243; _builder_version=\u00bb4.16&#8243; custom_padding=\u00bb|||\u00bb global_colors_info=\u00bb{}\u00bb custom_padding__hover=\u00bb|||\u00bb][et_pb_text _builder_version=\u00bb4.16&#8243; text_font=\u00bb||||||||\u00bb header_font=\u00bb|||on|||||\u00bb header_line_height=\u00bb1.3em\u00bb header_2_font=\u00bb|||on|||||\u00bb header_2_line_height=\u00bb1.3em\u00bb background_layout=\u00bbdark\u00bb animation_style=\u00bbfade\u00bb animation_delay=\u00bb100ms\u00bb global_colors_info=\u00bb{}\u00bb]<\/p>\n<h2 style=\"text-align: center;\"><strong>Invernaje en Mallorca<\/strong><\/h2>\n<p>[\/et_pb_text][\/et_pb_column][\/et_pb_row][\/et_pb_section][et_pb_section fb_built=\u00bb1&#8243; _builder_version=\u00bb4.16&#8243; custom_padding=\u00bb55px||0px||false|false\u00bb global_colors_info=\u00bb{}\u00bb][et_pb_row column_structure=\u00bb1_2,1_2&#8243; _builder_version=\u00bb4.16&#8243; global_colors_info=\u00bb{}\u00bb][et_pb_column type=\u00bb1_2&#8243; _builder_version=\u00bb4.16&#8243; global_colors_info=\u00bb{}\u00bb][et_pb_text _builder_version=\u00bb4.16&#8243; header_font=\u00bb|700|||||||\u00bb header_line_height=\u00bb1.2em\u00bb header_2_font=\u00bb|700|||||||\u00bb custom_margin=\u00bb||5px||false|false\u00bb global_colors_info=\u00bb{}\u00bb]<\/p>\n<h1>Invernaje de embarcaciones y yates en Mallorca<\/h1>\n<p>[\/et_pb_text][et_pb_text _builder_version=\u00bb4.16&#8243; header_2_font_size=\u00bb19px\u00bb header_2_line_height=\u00bb1.2em\u00bb custom_margin=\u00bb||10px||false|false\u00bb global_colors_info=\u00bb{}\u00bb]<\/p>\n<h2>\u00bfEst\u00e1 buscando las mejores instalaciones de almacenamiento interior para guardar su barco durante la temporada de invierno?<\/h2>\n<p>[\/et_pb_text][et_pb_text _builder_version=\u00bb4.27.5&#8243; header_font=\u00bb|700|||||||\u00bb header_line_height=\u00bb1.2em\u00bb header_2_font=\u00bb|700|||||||\u00bb hover_enabled=\u00bb0&#8243; global_colors_info=\u00bb{}\u00bb sticky_enabled=\u00bb0&#8243;]<\/p>\n<p>En PSB Marine Service podemos ofrecerle el mejor servicio de invernaje de invierno en Mallorca. Tenemos nuestro propio almacenamiento interior de 2.300 metros cuadrados donde su barco puede estar seguro durante este per\u00edodo.<\/p>\n<p>Se ha demostrado que un programa adecuado de preparaci\u00f3n para el invierno alarga la vida \u00fatil de la embarcaci\u00f3n y reduce significativamente la cantidad de reparaciones necesarias. La forma m\u00e1s segura de mantener y cuidar su barco durante el invierno es almacenarlo y evitar que pierda su valor de mercado. Una vez que vuelva el buen tiempo, puede tenerla lista, as\u00ed que en lo \u00fanico que tendr\u00e1 que pensar es en disfrutar.<\/p>\n<p>[\/et_pb_text][et_pb_image src=\u00bbhttps:\/\/psb-marine.com\/wp-content\/uploads\/2019\/07\/storage-4.jpg\u00bb _builder_version=\u00bb4.16&#8243; global_colors_info=\u00bb{}\u00bb][\/et_pb_image][\/et_pb_column][et_pb_column type=\u00bb1_2&#8243; _builder_version=\u00bb4.16&#8243; global_colors_info=\u00bb{}\u00bb][et_pb_image src=\u00bbhttps:\/\/psb-marine.com\/wp-content\/uploads\/2018\/05\/IMG_9828-1.jpg\u00bb _builder_version=\u00bb4.16&#8243; global_colors_info=\u00bb{}\u00bb][\/et_pb_image][et_pb_text _builder_version=\u00bb4.16&#8243; background_color=\u00bb#ffffff\u00bb z_index=\u00bb149&#8243; width=\u00bb70%\u00bb width_tablet=\u00bb\u00bb width_phone=\u00bb90%\u00bb width_last_edited=\u00bbon|phone\u00bb custom_margin=\u00bb-81px|||29px|false|false\u00bb custom_padding=\u00bb30px|30px|30px|30px|true|true\u00bb module_alignment_tablet=\u00bbcenter\u00bb module_alignment_phone=\u00bbcenter\u00bb module_alignment_last_edited=\u00bbon|phone\u00bb box_shadow_style=\u00bbpreset3&#8243; box_shadow_color=\u00bbrgba(0,0,0,0.15)\u00bb global_colors_info=\u00bb{}\u00bb]<\/p>\n<p>No dejes que el invierno te tome por sorpresa y reserva tu plaza con PSB Marine Service lo antes posible. Incluido en nuestro servicio de almacenaje, tambi\u00e9n podemos encargarnos de recoger su embarcaci\u00f3n de su amarre y entregarla al astillero, levantarla y almacenarla. Su barco le ser\u00e1 devuelto el d\u00eda que haya solicitado y completamente listo para partir.<br \/> Cont\u00e1ctenos para m\u00e1s informaci\u00f3n sobre almacenamiento de embarcaciones, acondicionamiento para el invierno y otros servicios en Mallorca.<\/p>\n<p>Nuestros servicios incluyen:<\/p>\n<p>&#8211; Recogida embarcaci\u00f3n amarre<br \/> &#8211; Traslado al varadero<br \/> &#8211; Transporte en cami\u00f3n a la nave<br \/> &#8211; Limpieza interior y exterior<br \/> &#8211; Realizaci\u00f3n de trabajos necesarios<br \/> &#8211; Devolucion a su amarre y limpieza final<\/p>\n<p>[\/et_pb_text][\/et_pb_column][\/et_pb_row][et_pb_row _builder_version=\u00bb4.16&#8243; _module_preset=\u00bbdefault\u00bb custom_padding=\u00bb48px|||||\u00bb global_colors_info=\u00bb{}\u00bb][et_pb_column type=\u00bb4_4&#8243; _builder_version=\u00bb4.16&#8243; _module_preset=\u00bbdefault\u00bb global_colors_info=\u00bb{}\u00bb][et_pb_blurb use_icon=\u00bbon\u00bb font_icon=\u00bb&#xe033;||divi||400&#8243; icon_placement=\u00bbleft\u00bb image_icon_width=\u00bb38px\u00bb content_max_width=\u00bb100%\u00bb _builder_version=\u00bb4.27.5&#8243; _module_preset=\u00bbdefault\u00bb header_level=\u00bbh3&#8243; header_font_size=\u00bb26px\u00bb body_font=\u00bb||||||||\u00bb body_text_color=\u00bb#444444&#8243; body_font_size=\u00bb27px\u00bb body_line_height=\u00bb1.3em\u00bb body_font_size_tablet=\u00bb\u00bb body_font_size_phone=\u00bb20px\u00bb body_font_size_last_edited=\u00bbon|phone\u00bb icon_font_size=\u00bb38px\u00bb global_colors_info=\u00bb{}\u00bb]<\/p>\n<p>Todos los <strong>servicios de invernaje<\/strong> confirmados por un per\u00edodo de seis meses o m\u00e1s, recibir\u00e1n un <strong>descuento del 5%<\/strong> aplicable al costo del alquiler del almacenamiento mensual.<\/p>\n<p>[\/et_pb_blurb][\/et_pb_column][\/et_pb_row][\/et_pb_section][et_pb_section fb_built=\u00bb1&#8243; disabled_on=\u00bboff|off|off\u00bb _builder_version=\u00bb4.16&#8243; global_colors_info=\u00bb{}\u00bb][et_pb_row _builder_version=\u00bb4.16&#8243; custom_margin=\u00bb20px|auto||auto||\u00bb global_colors_info=\u00bb{}\u00bb][et_pb_column type=\u00bb4_4&#8243; _builder_version=\u00bb4.16&#8243; global_colors_info=\u00bb{}\u00bb][et_pb_text disabled_on=\u00bbon|on|off\u00bb _builder_version=\u00bb4.16&#8243; header_2_font=\u00bb|700|||||||\u00bb global_colors_info=\u00bb{}\u00bb]<\/p>\n<h2 style=\"text-align: left;\">Otros servicios que brindamos<\/h2>\n<p>[\/et_pb_text][\/et_pb_column][\/et_pb_row][et_pb_row column_structure=\u00bb1_2,1_2&#8243; _builder_version=\u00bb4.16&#8243; global_colors_info=\u00bb{}\u00bb][et_pb_column type=\u00bb1_2&#8243; _builder_version=\u00bb4.16&#8243; global_colors_info=\u00bb{}\u00bb][et_pb_image src=\u00bbhttps:\/\/psb-marine.com\/wp-content\/uploads\/2018\/05\/56126337-9ba6-4ad6-a804-a444d75dfd1f-1.jpg\u00bb _builder_version=\u00bb4.16&#8243; global_colors_info=\u00bb{}\u00bb][\/et_pb_image][et_pb_text _builder_version=\u00bb4.16&#8243; background_color=\u00bb#ffffff\u00bb z_index=\u00bb149&#8243; width=\u00bb94%\u00bb module_alignment=\u00bbcenter\u00bb custom_margin=\u00bb-81px|0px||0px|false|false\u00bb custom_padding=\u00bb30px|30px|30px|30px|true|true\u00bb box_shadow_style=\u00bbpreset3&#8243; box_shadow_color=\u00bbrgba(0,0,0,0.15)\u00bb global_colors_info=\u00bb{}\u00bb]<\/p>\n<h2>Servicios de acondicionamiento:<\/h2>\n<p>\u00a0Tener su embarcaci\u00f3n fuera del agua le brinda una gran oportunidad para realizar otros trabajos de mantenimiento sin incurrir en costos adicionales. En <strong>PSB Marine Service<\/strong> podemos realizar los siguientes servicios mientras el barco est\u00e1 almacenado:<\/p>\n<ul>\n<li>Sustituci\u00f3n de \u00e1nodos y pintura antiincrustante<\/li>\n<li>Mantenimiento el\u00e9ctrico<\/li>\n<li>Instalaciones y reparaciones de tarimas\u00a0<\/li>\n<li><a href=\"https:\/\/seakeeper.com\/\" target=\"_blank\" rel=\"noopener\">Instalaci\u00f3n de estabilizadores<\/a><\/li>\n<li>Trabajos de ingenier\u00eda<\/li>\n<li>Servicio de motores.<\/li>\n<\/ul>\n<p>[\/et_pb_text][\/et_pb_column][et_pb_column type=\u00bb1_2&#8243; _builder_version=\u00bb4.16&#8243; global_colors_info=\u00bb{}\u00bb][et_pb_blurb title=\u00bbServicio de capit\u00e1n para recoger y entregar su embarcaci\u00f3n cuando se solicite.\u00bb use_icon=\u00bbon\u00bb font_icon=\u00bb&#x45;||divi||400&#8243; icon_placement=\u00bbleft\u00bb _builder_version=\u00bb4.16&#8243; global_colors_info=\u00bb{}\u00bb][\/et_pb_blurb][et_pb_blurb title=\u00bb Transporte desde el astillero hasta la instalaci\u00f3n de almacenamiento.\u00bb use_icon=\u00bbon\u00bb font_icon=\u00bb&#x45;||divi||400&#8243; icon_placement=\u00bbleft\u00bb _builder_version=\u00bb4.16&#8243; global_colors_info=\u00bb{}\u00bb][\/et_pb_blurb][et_pb_blurb title=\u00bb Lavado de los motores con agua dulce.\u00bb use_icon=\u00bbon\u00bb font_icon=\u00bb&#x45;||divi||400&#8243; icon_placement=\u00bbleft\u00bb _builder_version=\u00bb4.16&#8243; global_colors_info=\u00bb{}\u00bb][\/et_pb_blurb][et_pb_blurb title=\u00bbLimpieza y preparaci\u00f3n de la embarcaci\u00f3n para el invierno\u00bb use_icon=\u00bbon\u00bb font_icon=\u00bb&#x45;||divi||400&#8243; icon_placement=\u00bbleft\u00bb _builder_version=\u00bb4.16&#8243; global_colors_info=\u00bb{}\u00bb][\/et_pb_blurb][et_pb_blurb title=\u00bbRealizaci\u00f3n de las comprobaciones necesarias y preparaci\u00f3n de una lista de comprobaci\u00f3n con todos los trabajos necesarios.\u00bb use_icon=\u00bbon\u00bb font_icon=\u00bb&#x45;||divi||400&#8243; icon_placement=\u00bbleft\u00bb _builder_version=\u00bb4.16&#8243; global_colors_info=\u00bb{}\u00bb][\/et_pb_blurb][et_pb_blurb title=\u00bbCustodia y m\u00e1s\u00bb use_icon=\u00bbon\u00bb font_icon=\u00bb&#x45;||divi||400&#8243; icon_placement=\u00bbleft\u00bb _builder_version=\u00bb4.16&#8243; global_colors_info=\u00bb{}\u00bb][\/et_pb_blurb][\/et_pb_column][\/et_pb_row][\/et_pb_section][et_pb_section fb_built=\u00bb1&#8243; _builder_version=\u00bb4.16&#8243; background_color=\u00bb#1e2345&#8243; custom_padding=\u00bb20px|0px|20px|0px\u00bb saved_tabs=\u00bball\u00bb global_colors_info=\u00bb{}\u00bb][et_pb_row column_structure=\u00bb1_2,1_2&#8243; use_custom_gutter=\u00bbon\u00bb gutter_width=\u00bb1&#8243; custom_padding_last_edited=\u00bbon|phone\u00bb _builder_version=\u00bb4.16&#8243; custom_padding=\u00bb25px|0px|14px|0px|false|false\u00bb custom_padding_tablet=\u00bb\u00bb custom_padding_phone=\u00bb\u00bb global_colors_info=\u00bb{}\u00bb][et_pb_column type=\u00bb1_2&#8243; _builder_version=\u00bb4.16&#8243; custom_padding=\u00bb|||\u00bb global_colors_info=\u00bb{}\u00bb custom_padding__hover=\u00bb|||\u00bb][et_pb_text _builder_version=\u00bb4.16&#8243; text_font=\u00bb||||||||\u00bb ul_font=\u00bb||||||||\u00bb background_layout=\u00bbdark\u00bb custom_margin=\u00bb6px||0px||false|false\u00bb custom_margin_tablet=\u00bb||20px||false|false\u00bb custom_margin_phone=\u00bb\u00bb custom_margin_last_edited=\u00bbon|phone\u00bb custom_padding=\u00bb||||false|false\u00bb header_2_text_align_tablet=\u00bbcenter\u00bb header_2_text_align_phone=\u00bb\u00bb header_2_text_align_last_edited=\u00bbon|tablet\u00bb header_2_font_size_tablet=\u00bb22px\u00bb header_2_font_size_phone=\u00bb19px\u00bb header_2_font_size_last_edited=\u00bbon|phone\u00bb text_orientation_tablet=\u00bb\u00bb text_orientation_phone=\u00bbcenter\u00bb text_orientation_last_edited=\u00bbon|phone\u00bb global_colors_info=\u00bb{}\u00bb]<\/p>\n<h2><strong>M\u00e1s informaci\u00f3n?<\/strong> Cont\u00e1ctenos en Mallorca<\/h2>\n<p>[\/et_pb_text][\/et_pb_column][et_pb_column type=\u00bb1_2&#8243; _builder_version=\u00bb4.16&#8243; custom_padding=\u00bb|||\u00bb global_colors_info=\u00bb{}\u00bb custom_padding__hover=\u00bb|||\u00bb][et_pb_button button_url=\u00bbhttps:\/\/psb-marine.com\/en\/contact\/\u00bb button_text=\u00bbCont\u00e1ctenos\u00bb button_alignment=\u00bbcenter\u00bb button_alignment_last_edited=\u00bboff|desktop\u00bb _builder_version=\u00bb4.16&#8243; custom_button=\u00bbon\u00bb button_text_color=\u00bb#1e2345&#8243; button_bg_color=\u00bb#ffffff\u00bb button_border_color=\u00bb#ffffff\u00bb button_border_radius=\u00bb25px\u00bb button_font=\u00bb||||||||\u00bb button_icon=\u00bb&#xe010;||divi||400&#8243; button_icon_color=\u00bb#ffffff\u00bb button_text_size_tablet=\u00bb\u00bb button_text_size_phone=\u00bb18px\u00bb button_text_size_last_edited=\u00bbon|phone\u00bb button_text_color_hover=\u00bb#ffffff\u00bb button_border_color_hover=\u00bb#ffffff\u00bb button_bg_color_hover=\u00bb#1e2345&#8243; global_colors_info=\u00bb{}\u00bb button_text_size__hover_enabled=\u00bboff\u00bb button_one_text_size__hover_enabled=\u00bboff\u00bb button_two_text_size__hover_enabled=\u00bboff\u00bb button_text_color__hover_enabled=\u00bbon\u00bb button_text_color__hover=\u00bb#ffffff\u00bb button_one_text_color__hover_enabled=\u00bboff\u00bb button_two_text_color__hover_enabled=\u00bboff\u00bb button_border_width__hover_enabled=\u00bboff\u00bb button_one_border_width__hover_enabled=\u00bboff\u00bb button_two_border_width__hover_enabled=\u00bboff\u00bb button_border_color__hover_enabled=\u00bbon\u00bb button_border_color__hover=\u00bb#ffffff\u00bb button_one_border_color__hover_enabled=\u00bboff\u00bb button_two_border_color__hover_enabled=\u00bboff\u00bb button_border_radius__hover_enabled=\u00bboff\u00bb button_one_border_radius__hover_enabled=\u00bboff\u00bb button_two_border_radius__hover_enabled=\u00bboff\u00bb button_letter_spacing__hover_enabled=\u00bboff\u00bb button_one_letter_spacing__hover_enabled=\u00bboff\u00bb button_two_letter_spacing__hover_enabled=\u00bboff\u00bb button_bg_color__hover_enabled=\u00bbon\u00bb button_bg_color__hover=\u00bb#1e2345&#8243; button_one_bg_color__hover_enabled=\u00bboff\u00bb button_two_bg_color__hover_enabled=\u00bboff\u00bb][\/et_pb_button][\/et_pb_column][\/et_pb_row][\/et_pb_section][et_pb_section fb_built=\u00bb1&#8243; _builder_version=\u00bb4.16&#8243; background_color=\u00bb#f7f7f7&#8243; global_colors_info=\u00bb{}\u00bb][et_pb_row _builder_version=\u00bb4.16&#8243; custom_padding=\u00bb40px|||||\u00bb global_colors_info=\u00bb{}\u00bb][et_pb_column type=\u00bb4_4&#8243; _builder_version=\u00bb4.16&#8243; global_colors_info=\u00bb{}\u00bb][et_pb_text disabled_on=\u00bbon|on|off\u00bb _builder_version=\u00bb4.16&#8243; header_2_font=\u00bb|700|||||||\u00bb header_2_text_align=\u00bbcenter\u00bb header_2_text_color=\u00bb#000000&#8243; header_2_font_size=\u00bb16px\u00bb text_orientation=\u00bbcenter\u00bb custom_padding=\u00bb||0px|||\u00bb global_colors_info=\u00bb{}\u00bb]<\/p>\n<h2>Con oficinas por todo Mallorca, somos una empresa reconocida por nuestros servicios de excelencia.<\/h2>\n<p>Nuestras oficinas est\u00e1n estrat\u00e9gicamente ubicadas en las mas prestigiosas zonas portuarias de la isla. Ofrecemos el mejor servicio de invernaje y mantenimiento para su embarcaci\u00f3n.<\/p>\n<p>[\/et_pb_text][\/et_pb_column][\/et_pb_row][et_pb_row column_structure=\u00bb1_2,1_2&#8243; _builder_version=\u00bb4.27.5&#8243; custom_margin=\u00bb-9px|auto||auto||\u00bb global_colors_info=\u00bb{}\u00bb][et_pb_column type=\u00bb1_2&#8243; _builder_version=\u00bb4.16&#8243; global_colors_info=\u00bb{}\u00bb][et_pb_image src=\u00bbhttps:\/\/psb-marine.com\/wp-content\/uploads\/2019\/08\/Poligono.jpg\u00bb _builder_version=\u00bb4.16&#8243; filter_saturate=\u00bb30%\u00bb global_colors_info=\u00bb{}\u00bb][\/et_pb_image][et_pb_blurb title=\u00bbSanta Ponsa\u00bb use_icon=\u00bbon\u00bb font_icon=\u00bb&#xe081;||divi||400&#8243; image_icon_width=\u00bb59px\u00bb content_max_width=\u00bb70%\u00bb _builder_version=\u00bb4.27.5&#8243; header_level=\u00bbh2&#8243; header_font_size=\u00bb20px\u00bb background_color=\u00bb#ffffff\u00bb text_orientation=\u00bbcenter\u00bb width=\u00bb71%\u00bb module_alignment=\u00bbcenter\u00bb custom_margin=\u00bb-80px||||false|false\u00bb custom_padding=\u00bb30px|15px|30px|15px|true|true\u00bb box_shadow_style=\u00bbpreset3&#8243; box_shadow_color=\u00bbrgba(0,0,0,0.15)\u00bb icon_font_size=\u00bb59px\u00bb global_colors_info=\u00bb{}\u00bb]<\/p>\n<p>(Pol. Son Bugadellas)<br \/><span>971 23 45 22<\/span><\/p>\n<p>[\/et_pb_blurb][\/et_pb_column][et_pb_column type=\u00bb1_2&#8243; _builder_version=\u00bb4.16&#8243; global_colors_info=\u00bb{}\u00bb][et_pb_image src=\u00bbhttps:\/\/psb-marine.com\/wp-content\/uploads\/2019\/08\/Puerto-Portals.jpg\u00bb _builder_version=\u00bb4.16&#8243; filter_saturate=\u00bb30%\u00bb global_colors_info=\u00bb{}\u00bb][\/et_pb_image][et_pb_blurb title=\u00bbPuerto Portals\u00bb use_icon=\u00bbon\u00bb font_icon=\u00bb&#xe081;||divi||400&#8243; image_icon_width=\u00bb59px\u00bb content_max_width=\u00bb70%\u00bb _builder_version=\u00bb4.27.5&#8243; header_level=\u00bbh2&#8243; header_font_size=\u00bb20px\u00bb background_color=\u00bb#ffffff\u00bb text_orientation=\u00bbcenter\u00bb width=\u00bb71%\u00bb module_alignment=\u00bbcenter\u00bb custom_margin=\u00bb-80px||||false|false\u00bb custom_padding=\u00bb30px|15px|30px|15px|true|true\u00bb box_shadow_style=\u00bbpreset3&#8243; box_shadow_color=\u00bbrgba(0,0,0,0.15)\u00bb icon_font_size=\u00bb59px\u00bb global_colors_info=\u00bb{}\u00bb]<\/p>\n<p>(local 58)<br \/><span>971 23 45 22<\/span><\/p>\n<p>[\/et_pb_blurb][\/et_pb_column][\/et_pb_row][\/et_pb_section]<\/p>\n","protected":false},"excerpt":{"rendered":"<p>Invernaje en MallorcaInvernaje de embarcaciones y yates en Mallorca\u00bfEst\u00e1 buscando las mejores instalaciones de almacenamiento interior para guardar su barco durante la temporada de invierno?En PSB Marine Service podemos ofrecerle el mejor servicio de invernaje de invierno en Mallorca. Tenemos nuestro propio almacenamiento interior de 2.300 metros cuadrados donde su barco puede estar seguro durante este per\u00edodo. Se ha demostrado que un programa adecuado de preparaci\u00f3n para el invierno alarga la vida \u00fatil de la embarcaci\u00f3n y reduce significativamente la cantidad de reparaciones necesarias. La forma m\u00e1s segura de mantener y cuidar su barco durante el invierno es almacenarlo y evitar que pierda su valor de mercado. Una vez que vuelva el buen tiempo, puede tenerla lista, as\u00ed que en lo \u00fanico que tendr\u00e1 que pensar es en disfrutar.No dejes que el invierno te tome por sorpresa y reserva tu plaza con PSB Marine Service lo antes posible. Incluido en nuestro servicio de almacenaje, tambi\u00e9n podemos encargarnos de recoger su embarcaci\u00f3n de su amarre y entregarla al astillero, levantarla y almacenarla. Su barco le ser\u00e1 devuelto el d\u00eda que haya solicitado y completamente listo para partir. Cont\u00e1ctenos para m\u00e1s informaci\u00f3n sobre almacenamiento de embarcaciones, acondicionamiento para el invierno y otros [&hellip;]<\/p>\n","protected":false},"author":1,"featured_media":0,"parent":0,"menu_order":0,"comment_status":"closed","ping_status":"closed","template":"","meta":{"_et_pb_use_builder":"on","_et_pb_old_content":"","_et_gb_content_width":"","footnotes":""},"class_list":["post-596","page","type-page","status-publish","hentry"],"_links":{"self":[{"href":"https:\/\/psb-marine.com\/es\/wp-json\/wp\/v2\/pages\/596","targetHints":{"allow":["GET"]}}],"collection":[{"href":"https:\/\/psb-marine.com\/es\/wp-json\/wp\/v2\/pages"}],"about":[{"href":"https:\/\/psb-marine.com\/es\/wp-json\/wp\/v2\/types\/page"}],"author":[{"embeddable":true,"href":"https:\/\/psb-marine.com\/es\/wp-json\/wp\/v2\/users\/1"}],"replies":[{"embeddable":true,"href":"https:\/\/psb-marine.com\/es\/wp-json\/wp\/v2\/comments?post=596"}],"version-history":[{"count":0,"href":"https:\/\/psb-marine.com\/es\/wp-json\/wp\/v2\/pages\/596\/revisions"}],"wp:attachment":[{"href":"https:\/\/psb-marine.com\/es\/wp-json\/wp\/v2\/media?parent=596"}],"curies":[{"name":"wp","href":"https:\/\/api.w.org\/{rel}","templated":true}]}}