{"id":52068,"date":"2025-07-24T09:39:57","date_gmt":"2025-07-24T09:39:57","guid":{"rendered":"https:\/\/psb-marine.com\/embarcaciones-auxiliares-mallorca\/"},"modified":"2026-02-19T17:02:01","modified_gmt":"2026-02-19T17:02:01","slug":"embarcaciones-auxiliares-mallorca","status":"publish","type":"page","link":"https:\/\/psb-marine.com\/es\/embarcaciones-auxiliares-mallorca\/","title":{"rendered":"Servicios para embarcaciones auxiliares en Mallorca"},"content":{"rendered":"<p>[et_pb_section fb_built=\u00bb1&#8243; disabled_on=\u00bbon|off|off\u00bb module_id=\u00bbpr\u00f3ximo\u00bb _builder_version=\u00bb4.25.2&#8243; _module_preset=\u00bbdefault\u00bb background_color=\u00bb#66C4E6&#8243; background_enable_pattern_style=\u00bbon\u00bb background_pattern_style=\u00bbpinwheel\u00bb background_pattern_color=\u00bbrgba(0,0,0,0.04)\u00bb background_pattern_size=\u00bbcustom\u00bb background_pattern_width=\u00bb105px\u00bb height=\u00bb157px\u00bb custom_padding=\u00bb0px||0px||false|false\u00bb locked=\u00bboff\u00bb global_colors_info=\u00bb{}\u00bb][\/et_pb_section][et_pb_section fb_built=\u00bb1&#8243; _builder_version=\u00bb4.25.2&#8243; _module_preset=\u00bbdefault\u00bb use_background_color_gradient=\u00bbon\u00bb background_color_gradient_stops=\u00bbrgba(30,35,69,0.59) 0%|rgba(57,100,140,0.87) 100%\u00bb background_color_gradient_overlays_image=\u00bbon\u00bb background_image=\u00bbhttp:\/\/psb-marine.com\/wp-content\/uploads\/2019\/10\/seasport-400-ff-1899&#215;1264.jpg\u00bb height_tablet=\u00bb270px\u00bb height_phone=\u00bb270px\u00bb height_last_edited=\u00bboff|desktop\u00bb custom_padding=\u00bb15vw||4vw||false|false\u00bb filter_sepia=\u00bb30%\u00bb global_colors_info=\u00bb{}\u00bb][et_pb_row _builder_version=\u00bb4.25.2&#8243; background_enable_color=\u00bboff\u00bb position_origin_a=\u00bbcenter_center\u00bb custom_padding=\u00bb0px||0px||false|false\u00bb global_colors_info=\u00bb{}\u00bb][et_pb_column type=\u00bb4_4&#8243; _builder_version=\u00bb4.25.2&#8243; custom_padding=\u00bb|||\u00bb global_colors_info=\u00bb{}\u00bb custom_padding__hover=\u00bb|||\u00bb][et_pb_text _builder_version=\u00bb4.25.2&#8243; text_font=\u00bb||||||||\u00bb header_font=\u00bb|800|||||||\u00bb header_text_align=\u00bbcenter\u00bb header_font_size=\u00bb47px\u00bb header_letter_spacing=\u00bb1px\u00bb header_line_height=\u00bb1.1em\u00bb background_layout=\u00bbdark\u00bb custom_margin=\u00bb||0px||false|false\u00bb animation_style=\u00bbfade\u00bb animation_delay=\u00bb100ms\u00bb header_font_size_tablet=\u00bb41px\u00bb header_font_size_phone=\u00bb36px\u00bb header_font_size_last_edited=\u00bbon|phone\u00bb global_colors_info=\u00bb{}\u00bb]<\/p>\n<h1>Servicios para embarcaciones auxiliares en Mallorca<\/h1>\n<p>[\/et_pb_text][\/et_pb_column][\/et_pb_row][\/et_pb_section][et_pb_section fb_built=\u00bb1&#8243; _builder_version=\u00bb4.16&#8243; custom_padding=\u00bb55px|||||\u00bb global_colors_info=\u00bb{}\u00bb][et_pb_row column_structure=\u00bb1_2,1_2&#8243; _builder_version=\u00bb4.16&#8243; global_colors_info=\u00bb{}\u00bb][et_pb_column type=\u00bb1_2&#8243; _builder_version=\u00bb4.16&#8243; global_colors_info=\u00bb{}\u00bb][et_pb_text _builder_version=\u00bb4.23&#8243; text_letter_spacing=\u00bb0.4px\u00bb text_line_height=\u00bb1.6em\u00bb link_font=\u00bb|600|||||||\u00bb header_2_font=\u00bb|800|||||||\u00bb header_2_text_align=\u00bbleft\u00bb header_2_line_height=\u00bb1.2em\u00bb text_orientation=\u00bbjustified\u00bb header_2_font_size_tablet=\u00bb\u00bb header_2_font_size_phone=\u00bb18px\u00bb header_2_font_size_last_edited=\u00bbon|phone\u00bb global_colors_info=\u00bb{}\u00bb]<\/p>\n<h2>Los mejores servicios para embarcaciones auxiliares en Mallorca<\/h2>\n<p>Contamos con la experiencia y el conocimiento para ofrecerle el mejor servicio para su embarcaci\u00f3n auxiliar.<br \/>Desde el mantenimiento hasta la preparaci\u00f3n para el invierno y el almacenamiento, podemos encargarnos de todos los servicios necesarios.<br \/>Estos son algunos de los servicios que podemos ofrecer:<\/p>\n<ul>\n<li>Recogida y transporte desde el amarre hasta el almac\u00e9n.<\/li>\n<li>Enjuague los motores y prep\u00e1rese para la preparaci\u00f3n para el invierno y el almacenamiento.<\/li>\n<li>Realizar una inspecci\u00f3n y asesorar sobre los servicios\/reparaciones requeridos.<\/li>\n<li>Llevar a cabo el servicio completo y las reparaciones necesarias.<\/li>\n<li>Entrega a bordo al comienzo de la temporada y listo para usar.<\/li>\n<\/ul>\n<p>Ofrecemos un paquete completo y completo para su tranquilidad.<\/p>\n<p><a href=\"#\">Cont\u00e1ctenos para obtener m\u00e1s informaci\u00f3n sobre almacenamiento, preparaci\u00f3n para el invierno y otros servicios en Mallorca.<\/a><\/p>\n<p>[\/et_pb_text][et_pb_image _builder_version=\u00bb4.16&#8243; global_colors_info=\u00bb{}\u00bb][\/et_pb_image][\/et_pb_column][et_pb_column type=\u00bb1_2&#8243; _builder_version=\u00bb4.16&#8243; global_colors_info=\u00bb{}\u00bb][et_pb_image src=\u00bbhttp:\/\/psb-marine.com\/wp-content\/uploads\/2019\/10\/yacht-tender-8-3.jpg\u00bb _builder_version=\u00bb4.16&#8243; global_colors_info=\u00bb{}\u00bb][\/et_pb_image][\/et_pb_column][\/et_pb_row][et_pb_row column_structure=\u00bb1_2,1_2&#8243; _builder_version=\u00bb4.23&#8243; _module_preset=\u00bbdefault\u00bb global_colors_info=\u00bb{}\u00bb][et_pb_column type=\u00bb1_2&#8243; _builder_version=\u00bb4.23&#8243; _module_preset=\u00bbdefault\u00bb global_colors_info=\u00bb{}\u00bb][et_pb_image src=\u00bbhttp:\/\/psb-marine.com\/wp-content\/uploads\/2023\/11\/aerial-view-of-amazing-boats-at-sunset-stock-top-2022-12-06-02-46-08-utc-scaled.jpg\u00bb alt=\u00bbPreparaci\u00f3n para el invierno de embarcaciones auxiliares en Mallorca\u00bb title_text=\u00bbPreparaci\u00f3n para el invierno de embarcaciones auxiliares en Mallorca\u00bb _builder_version=\u00bb4.23&#8243; _module_preset=\u00bbdefault\u00bb global_colors_info=\u00bb{}\u00bb][\/et_pb_image][\/et_pb_column][et_pb_column type=\u00bb1_2&#8243; _builder_version=\u00bb4.23&#8243; _module_preset=\u00bbdefault\u00bb global_colors_info=\u00bb{}\u00bb][et_pb_text _builder_version=\u00bb4.23&#8243; _module_preset=\u00bbdefault\u00bb text_letter_spacing=\u00bb0.4px\u00bb text_line_height=\u00bb1.6em\u00bb link_font=\u00bb|600|||||||\u00bb header_2_font=\u00bb|800|||||||\u00bb header_2_text_align=\u00bbleft\u00bb header_2_line_height=\u00bb1.2em\u00bb text_orientation=\u00bbjustified\u00bb header_2_font_size_tablet=\u00bb\u00bb header_2_font_size_phone=\u00bb18px\u00bb header_2_font_size_last_edited=\u00bbon|phone\u00bb global_colors_info=\u00bb{}\u00bb]<\/p>\n<h2>Preparaci\u00f3n para el invierno de embarcaciones auxiliares en Mallorca<\/h2>\n<p>Preparar su yate para el invierno es importante antes de guardarlo para la temporada. La preparaci\u00f3n para el invierno ayudar\u00e1 a proteger su embarcaci\u00f3n auxiliar del fr\u00edo, la lluvia, la nieve y el hielo. Tambi\u00e9n ayudar\u00e1 a prevenir la corrosi\u00f3n y otros da\u00f1os.  <\/p>\n<p>Aqu\u00ed tienes algunos consejos para preparar tu embarcaci\u00f3n auxiliar para el invierno en Mallorca:<\/p>\n<ul>\n<li>Vac\u00ede el dep\u00f3sito de combustible. Esto ayudar\u00e1 a prevenir la condensaci\u00f3n y la corrosi\u00f3n del tanque de combustible. <\/li>\n<li>Cambia el aceite. Esto ayudar\u00e1 a proteger el motor del desgaste. <\/li>\n<li>Enjuague el sistema de enfriamiento. Esto ayudar\u00e1 a eliminar cualquier contaminante que pueda causar da\u00f1os. <\/li>\n<li>Limpiar y engrasar el motor. Esto ayudar\u00e1 a prevenir la oxidaci\u00f3n y la corrosi\u00f3n. <\/li>\n<li>Cubra el t\u00e9nder. Esto ayudar\u00e1 a protegerlo de los elementos. <\/li>\n<\/ul>\n<p>Siguiendo estos consejos, puede ayudar a asegurarse de que su embarcaci\u00f3n auxiliar est\u00e9 en buenas condiciones cuando est\u00e9 listo para volver a utilizarla en primavera.<\/p>\n<p>[\/et_pb_text][\/et_pb_column][\/et_pb_row][et_pb_row column_structure=\u00bb1_2,1_2&#8243; _builder_version=\u00bb4.23&#8243; _module_preset=\u00bbdefault\u00bb global_colors_info=\u00bb{}\u00bb][et_pb_column type=\u00bb1_2&#8243; _builder_version=\u00bb4.23&#8243; _module_preset=\u00bbdefault\u00bb global_colors_info=\u00bb{}\u00bb][et_pb_text _builder_version=\u00bb4.23&#8243; _module_preset=\u00bbdefault\u00bb text_letter_spacing=\u00bb0.4px\u00bb text_line_height=\u00bb1.6em\u00bb link_font=\u00bb|600|||||||\u00bb header_2_font=\u00bb|800|||||||\u00bb header_2_text_align=\u00bbleft\u00bb header_2_line_height=\u00bb1.2em\u00bb text_orientation=\u00bbjustified\u00bb header_2_font_size_tablet=\u00bb\u00bb header_2_font_size_phone=\u00bb18px\u00bb header_2_font_size_last_edited=\u00bbon|phone\u00bb global_colors_info=\u00bb{}\u00bb]<\/p>\n<h2><span>Almacenamiento de embarcaciones auxiliares en Mallorca<\/span><\/h2>\n<p>Hay una serie de instalaciones de almacenamiento de embarcaciones auxiliares en Mallorca para elegir. Algunas de estas instalaciones ofrecen almacenamiento en el interior, lo cual es ideal para proteger su embarcaci\u00f3n auxiliar de los elementos. Otros ofrecen almacenamiento al aire libre, que suele ser menos costoso que el almacenamiento en interiores.  <\/p>\n<p>A la hora de elegir una instalaci\u00f3n de almacenamiento de embarcaciones auxiliares para yates, es importante tener en cuenta los siguientes factores:<\/p>\n<ul>\n<li>Ubicaci\u00f3n: Aseg\u00farese de que la instalaci\u00f3n est\u00e9 ubicada en un lugar conveniente para usted.<\/li>\n<li>Seguridad: La instalaci\u00f3n debe tener un alto nivel de seguridad para proteger su embarcaci\u00f3n auxiliar de robos o da\u00f1os.<\/li>\n<li>Caracter\u00edsticas: Algunas instalaciones ofrecen caracter\u00edsticas adicionales, como servicios de mantenimiento o instalaciones de lavado.<\/li>\n<\/ul>\n<p>[\/et_pb_text][\/et_pb_column][et_pb_column type=\u00bb1_2&#8243; _builder_version=\u00bb4.23&#8243; _module_preset=\u00bbdefault\u00bb global_colors_info=\u00bb{}\u00bb][et_pb_image src=\u00bbhttp:\/\/psb-marine.com\/wp-content\/uploads\/2023\/11\/moored-sailing-ship-in-the-sea-port-of-nice-franc-2023-03-30-02-03-35-utc-scaled.jpg\u00bb alt=\u00bbAlmacenamiento de embarcaciones auxiliares en Mallorca\u00bb title_text=\u00bbVelero amarrado en el puerto mar\u00edtimo de Niza, Francia\u00bb _builder_version=\u00bb4.23&#8243; _module_preset=\u00bbdefault\u00bb global_colors_info=\u00bb{}\u00bb][\/et_pb_image][\/et_pb_column][\/et_pb_row][\/et_pb_section][et_pb_section fb_built=\u00bb1&#8243; _builder_version=\u00bb4.16&#8243; background_color=\u00bb#1e2345&#8243; custom_padding=\u00bb20px|0px|20px|0px\u00bb saved_tabs=\u00bball\u00bb global_colors_info=\u00bb{}\u00bb][et_pb_row column_structure=\u00bb2_3,1_3&#8243; use_custom_gutter=\u00bbon\u00bb gutter_width=\u00bb1&#8243; make_equal=\u00bbon\u00bb _builder_version=\u00bb4.25.0&#8243; custom_padding=\u00bb15px|0px|15px|0px\u00bb global_colors_info=\u00bb{}\u00bb][et_pb_column type=\u00bb2_3&#8243; _builder_version=\u00bb4.16&#8243; custom_padding=\u00bb|||\u00bb global_colors_info=\u00bb{}\u00bb custom_padding__hover=\u00bb|||\u00bb][et_pb_text _builder_version=\u00bb4.24.3&#8243; text_font=\u00bb||||||||\u00bb ul_font=\u00bb||||||||\u00bb header_2_font=\u00bb|600|||||||\u00bb header_2_font_size=\u00bb31px\u00bb header_2_letter_spacing=\u00bb1.3px\u00bb header_2_line_height=\u00bb1.2em\u00bb background_layout=\u00bbdark\u00bb custom_margin=\u00bb10px||0px||false|false\u00bb custom_margin_tablet=\u00bb20px||20px||false|false\u00bb custom_margin_phone=\u00bb20px||20px||false|false\u00bb custom_margin_last_edited=\u00bbon|tablet\u00bb custom_padding=\u00bb||||false|false\u00bb header_2_text_align_tablet=\u00bbcenter\u00bb header_2_text_align_phone=\u00bbcenter\u00bb header_2_text_align_last_edited=\u00bbon|tablet\u00bb global_colors_info=\u00bb{}\u00bb]<\/p>\n<h2>\u00bfNecesitas ayuda? Contacta con nosotros en Mallorca<\/h2>\n<p>[\/et_pb_text][\/et_pb_column][et_pb_column type=\u00bb1_3&#8243; _builder_version=\u00bb4.16&#8243; custom_padding=\u00bb|||\u00bb global_colors_info=\u00bb{}\u00bb custom_padding__hover=\u00bb|||\u00bb][et_pb_button button_url=\u00bb@ET-DC@eyJkeW5hbWljIjp0cnVlLCJjb250ZW50IjoicG9zdF9saW5rX3VybF9wYWdlIiwic2V0dGluZ3MiOnsicG9zdF9pZCI6IjQ5MTIxIiwiZW5hYmxlX2h0bWwiOiJvZmYifX0=@\u00bb button_text=\u00bbContacto\u00bb button_alignment=\u00bbright\u00bb button_alignment_tablet=\u00bbcenter\u00bb button_alignment_phone=\u00bbcenter\u00bb button_alignment_last_edited=\u00bbon|tablet\u00bb _builder_version=\u00bb4.25.2&#8243; _dynamic_attributes=\u00bbbutton_url\u00bb custom_button=\u00bbon\u00bb button_text_color=\u00bb#1e2345&#8243; button_bg_color=\u00bb#ffffff\u00bb button_border_width=\u00bb2px\u00bb button_border_color=\u00bb#ffffff\u00bb button_border_radius=\u00bb40px\u00bb button_font=\u00bb||||||||\u00bb button_use_icon=\u00bboff\u00bb positioning=\u00bbabsolute\u00bb position_origin_a=\u00bbcenter_right\u00bb position_origin_a_tablet=\u00bb\u00bb position_origin_a_phone=\u00bb\u00bb position_origin_a_last_edited=\u00bbon|desktop\u00bb position_origin_f_tablet=\u00bb\u00bb position_origin_f_phone=\u00bb\u00bb position_origin_f_last_edited=\u00bbon|desktop\u00bb position_origin_r_tablet=\u00bb\u00bb position_origin_r_phone=\u00bb\u00bb position_origin_r_last_edited=\u00bbon|desktop\u00bb positioning_tablet=\u00bbrelative\u00bb positioning_phone=\u00bb\u00bb positioning_last_edited=\u00bbon|tablet\u00bb button_text_color_hover=\u00bb#ffffff\u00bb button_border_color_hover=\u00bb#ffffff\u00bb button_bg_color_hover=\u00bb#1e2345&#8243; global_colors_info=\u00bb{}\u00bb button_text_size__hover_enabled=\u00bboff\u00bb button_one_text_size__hover_enabled=\u00bboff\u00bb button_two_text_size__hover_enabled=\u00bboff\u00bb button_text_color__hover_enabled=\u00bbon|hover\u00bb button_text_color__hover=\u00bb#ffffff\u00bb button_one_text_color__hover_enabled=\u00bboff\u00bb button_two_text_color__hover_enabled=\u00bboff\u00bb button_border_width__hover_enabled=\u00bboff\u00bb button_one_border_width__hover_enabled=\u00bboff\u00bb button_two_border_width__hover_enabled=\u00bboff\u00bb button_border_color__hover_enabled=\u00bbon|hover\u00bb button_border_color__hover=\u00bb#ffffff\u00bb button_one_border_color__hover_enabled=\u00bboff\u00bb button_two_border_color__hover_enabled=\u00bboff\u00bb button_border_radius__hover_enabled=\u00bboff\u00bb button_one_border_radius__hover_enabled=\u00bboff\u00bb button_two_border_radius__hover_enabled=\u00bboff\u00bb button_letter_spacing__hover_enabled=\u00bboff\u00bb button_one_letter_spacing__hover_enabled=\u00bboff\u00bb button_two_letter_spacing__hover_enabled=\u00bboff\u00bb button_bg_color__hover_enabled=\u00bbon\u00bb button_bg_color__hover=\u00bb#1e2345&#8243; button_one_bg_color__hover_enabled=\u00bboff\u00bb button_two_bg_color__hover_enabled=\u00bboff\u00bb][\/et_pb_button][\/et_pb_column][\/et_pb_row][\/et_pb_section][et_pb_section fb_built=\u00bb1&#8243; custom_padding_last_edited=\u00bbon|phone\u00bb _builder_version=\u00bb4.25.2&#8243; _module_preset=\u00bbdefault\u00bb use_background_color_gradient=\u00bbon\u00bb background_color_gradient_stops=\u00bbrgba(30,35,69,0.9) 0%|rgba(30,35,69,0.79) 100%\u00bb background_color_gradient_overlays_image=\u00bbon\u00bb background_image=\u00bbhttp:\/\/psb-marine.com\/wp-content\/uploads\/2021\/04\/port-adriano.jpeg\u00bb parallax=\u00bbon\u00bb custom_padding=\u00bb74px||59px|||\u00bb custom_padding_tablet=\u00bb45px||32px||false|false\u00bb custom_padding_phone=\u00bb20px||10px||false|false\u00bb saved_tabs=\u00bball\u00bb locked=\u00bboff\u00bb global_colors_info=\u00bb{}\u00bb][et_pb_row _builder_version=\u00bb4.25.0&#8243; _module_preset=\u00bbdefault\u00bb custom_margin=\u00bb5px|auto||auto||\u00bb custom_padding=\u00bb80px||80px||true|false\u00bb global_colors_info=\u00bb{}\u00bb][et_pb_column type=\u00bb4_4&#8243; _builder_version=\u00bb4.25.0&#8243; _module_preset=\u00bbdefault\u00bb global_colors_info=\u00bb{}\u00bb][et_pb_text _builder_version=\u00bb4.25.2&#8243; _module_preset=\u00bbdefault\u00bb text_text_color=\u00bb#FFFFFF\u00bb text_font_size=\u00bb18px\u00bb header_3_font=\u00bb|800|||||||\u00bb header_3_text_align=\u00bbcenter\u00bb header_3_text_color=\u00bb#FFFFFF\u00bb header_3_font_size=\u00bb36px\u00bb header_3_line_height=\u00bb1.3em\u00bb text_orientation=\u00bbcenter\u00bb animation_style=\u00bbslide\u00bb animation_direction=\u00bbleft\u00bb animation_duration=\u00bb1550ms\u00bb animation_delay=\u00bb600ms\u00bb animation_intensity_slide=\u00bb6%\u00bb header_3_font_size_tablet=\u00bb30px\u00bb header_3_font_size_phone=\u00bb23px\u00bb header_3_font_size_last_edited=\u00bbon|phone\u00bb header_3_text_shadow_style=\u00bbpreset3&#8243; global_colors_info=\u00bb{}\u00bb]<\/p>\n<h3><span style=\"color: #91c0cb;\">Con oficinas en toda Mallorca<\/span> , somos reconocidos por nuestro impecable servicio. Nuestras oficinas est\u00e1n ubicadas estrat\u00e9gicamente en los mejores puertos deportivos de la isla para poder ofrecer <span style=\"color: #91c0cb;\">el mejor servicio de refit y posventa de embarcaciones.<\/span><\/h3>\n<p>[\/et_pb_text][\/et_pb_column][\/et_pb_row][\/et_pb_section][et_pb_section fb_built=\u00bb1&#8243; module_id=\u00bbpr\u00f3ximo\u00bb _builder_version=\u00bb4.25.0&#8243; _module_preset=\u00bbdefault\u00bb background_color=\u00bb#91C0CB\u00bb background_enable_pattern_style=\u00bbon\u00bb background_pattern_style=\u00bbpinwheel\u00bb background_pattern_color=\u00bbrgba(0,0,0,0.04)\u00bb background_pattern_size=\u00bbcustom\u00bb background_pattern_width=\u00bb105px\u00bb custom_padding=\u00bb40px||56px|||\u00bb saved_tabs=\u00bball\u00bb locked=\u00bboff\u00bb global_colors_info=\u00bb{}\u00bb][et_pb_row _builder_version=\u00bb4.25.0&#8243; _module_preset=\u00bbdefault\u00bb global_colors_info=\u00bb{}\u00bb][et_pb_column type=\u00bb4_4&#8243; _builder_version=\u00bb4.25.0&#8243; _module_preset=\u00bbdefault\u00bb global_colors_info=\u00bb{}\u00bb][et_pb_text _builder_version=\u00bb4.25.0&#8243; _module_preset=\u00bbdefault\u00bb text_text_color=\u00bb#FFFFFF\u00bb header_2_font=\u00bb|800|||||||\u00bb header_2_text_align=\u00bbcenter\u00bb header_2_text_color=\u00bb#FFFFFF\u00bb header_2_font_size=\u00bb33px\u00bb custom_margin=\u00bb||21px||false|false\u00bb animation_style=\u00bbslide\u00bb animation_direction=\u00bbbottom\u00bb animation_duration=\u00bb1300ms\u00bb animation_delay=\u00bb800ms\u00bb global_colors_info=\u00bb{}\u00bb]<\/p>\n<h2>Ubicaciones<\/h2>\n<p>[\/et_pb_text][\/et_pb_column][\/et_pb_row][\/et_pb_section][et_pb_section fb_built=\u00bb1&#8243; _builder_version=\u00bb4.16&#8243; background_color=\u00bb#f7f7f7&#8243; global_colors_info=\u00bb{}\u00bb][et_pb_row column_structure=\u00bb1_2,1_2&#8243; _builder_version=\u00bb4.27.5&#8243; custom_margin=\u00bb-163px|auto||auto|false|false\u00bb hover_enabled=\u00bb0&#8243; global_colors_info=\u00bb{}\u00bb sticky_enabled=\u00bb0&#8243;][et_pb_column type=\u00bb1_2&#8243; _builder_version=\u00bb4.16&#8243; background_enable_color=\u00bboff\u00bb background_enable_image=\u00bboff\u00bb background_blend=\u00bbmultiply\u00bb border_radii=\u00bbon|5px|5px|5px|5px\u00bb box_shadow_style=\u00bbpreset1&#8243; global_colors_info=\u00bb{}\u00bb][et_pb_image src=\u00bbhttps:\/\/psb-marine.com\/wp-content\/uploads\/2019\/08\/Poligono.jpg\u00bb _builder_version=\u00bb4.16&#8243; filter_saturate=\u00bb30%\u00bb global_colors_info=\u00bb{}\u00bb][\/et_pb_image][et_pb_blurb title=\u00bbSanta Ponsa\u00bb use_icon=\u00bbon\u00bb font_icon=\u00bb&#xe081;||divi||400&#8243; image_icon_width=\u00bb59px\u00bb content_max_width=\u00bb70%\u00bb content_max_width_tablet=\u00bb\u00bb content_max_width_phone=\u00bb100%\u00bb content_max_width_last_edited=\u00bbon|phone\u00bb _builder_version=\u00bb4.27.5&#8243; header_level=\u00bbh2&#8243; header_font_size=\u00bb20px\u00bb background_color=\u00bb#ffffff\u00bb text_orientation=\u00bbcenter\u00bb width=\u00bb100%\u00bb module_alignment=\u00bbcenter\u00bb custom_margin=\u00bb-80px||||false|false\u00bb custom_padding=\u00bb30px|15px|30px|15px|true|true\u00bb hover_enabled=\u00bb0&#8243; box_shadow_style=\u00bbpreset3&#8243; box_shadow_color=\u00bbrgba(0,0,0,0.15)\u00bb icon_font_size=\u00bb59px\u00bb global_colors_info=\u00bb{}\u00bb sticky_enabled=\u00bb0&#8243;]<\/p>\n<p>(Pol. Son Bugadellas)<br \/><span>971 23 45 22<\/span><\/p>\n<p>[\/et_pb_blurb][\/et_pb_column][et_pb_column type=\u00bb1_2&#8243; _builder_version=\u00bb4.16&#8243; background_enable_color=\u00bboff\u00bb background_enable_image=\u00bboff\u00bb background_blend=\u00bbmultiply\u00bb border_radii=\u00bbon|5px|5px|5px|5px\u00bb box_shadow_style=\u00bbpreset1&#8243; global_colors_info=\u00bb{}\u00bb][et_pb_image src=\u00bbhttps:\/\/psb-marine.com\/wp-content\/uploads\/2019\/08\/Puerto-Portals.jpg\u00bb _builder_version=\u00bb4.16&#8243; filter_saturate=\u00bb30%\u00bb global_colors_info=\u00bb{}\u00bb][\/et_pb_image][et_pb_blurb title=\u00bbPuerto Portals\u00bb use_icon=\u00bbon\u00bb font_icon=\u00bb&#xe081;||divi||400&#8243; image_icon_width=\u00bb59px\u00bb content_max_width=\u00bb70%\u00bb content_max_width_tablet=\u00bb\u00bb content_max_width_phone=\u00bb100%\u00bb content_max_width_last_edited=\u00bbon|phone\u00bb _builder_version=\u00bb4.27.5&#8243; header_level=\u00bbh2&#8243; header_font_size=\u00bb20px\u00bb background_color=\u00bb#ffffff\u00bb text_orientation=\u00bbcenter\u00bb width=\u00bb100%\u00bb module_alignment=\u00bbcenter\u00bb custom_margin=\u00bb-80px||||false|false\u00bb custom_padding=\u00bb30px|15px|30px|15px|true|true\u00bb hover_enabled=\u00bb0&#8243; box_shadow_style=\u00bbpreset3&#8243; box_shadow_color=\u00bbrgba(0,0,0,0.15)\u00bb icon_font_size=\u00bb59px\u00bb global_colors_info=\u00bb{}\u00bb sticky_enabled=\u00bb0&#8243;]<\/p>\n<p>(local 58)<br \/><span>971 23 45 22<\/span><\/p>\n<p>[\/et_pb_blurb][\/et_pb_column][\/et_pb_row][\/et_pb_section]<\/p>\n","protected":false},"excerpt":{"rendered":"<p>Servicios para embarcaciones auxiliares en MallorcaLos mejores servicios para embarcaciones auxiliares en Mallorca Contamos con la experiencia y el conocimiento para ofrecerle el mejor servicio para su embarcaci\u00f3n auxiliar.Desde el mantenimiento hasta la preparaci\u00f3n para el invierno y el almacenamiento, podemos encargarnos de todos los servicios necesarios.Estos son algunos de los servicios que podemos ofrecer: Recogida y transporte desde el amarre hasta el almac\u00e9n. Enjuague los motores y prep\u00e1rese para la preparaci\u00f3n para el invierno y el almacenamiento. Realizar una inspecci\u00f3n y asesorar sobre los servicios\/reparaciones requeridos. Llevar a cabo el servicio completo y las reparaciones necesarias. Entrega a bordo al comienzo de la temporada y listo para usar. Ofrecemos un paquete completo y completo para su tranquilidad. Cont\u00e1ctenos para obtener m\u00e1s informaci\u00f3n sobre almacenamiento, preparaci\u00f3n para el invierno y otros servicios en Mallorca.Preparaci\u00f3n para el invierno de embarcaciones auxiliares en Mallorca Preparar su yate para el invierno es importante antes de guardarlo para la temporada. La preparaci\u00f3n para el invierno ayudar\u00e1 a proteger su embarcaci\u00f3n auxiliar del fr\u00edo, la lluvia, la nieve y el hielo. Tambi\u00e9n ayudar\u00e1 a prevenir la corrosi\u00f3n y otros da\u00f1os. Aqu\u00ed tienes algunos consejos para preparar tu embarcaci\u00f3n auxiliar para el invierno en Mallorca: Vac\u00ede [&hellip;]<\/p>\n","protected":false},"author":1,"featured_media":0,"parent":0,"menu_order":0,"comment_status":"closed","ping_status":"closed","template":"","meta":{"_et_pb_use_builder":"on","_et_pb_old_content":"","_et_gb_content_width":"","footnotes":""},"class_list":["post-52068","page","type-page","status-publish","hentry"],"_links":{"self":[{"href":"https:\/\/psb-marine.com\/es\/wp-json\/wp\/v2\/pages\/52068","targetHints":{"allow":["GET"]}}],"collection":[{"href":"https:\/\/psb-marine.com\/es\/wp-json\/wp\/v2\/pages"}],"about":[{"href":"https:\/\/psb-marine.com\/es\/wp-json\/wp\/v2\/types\/page"}],"author":[{"embeddable":true,"href":"https:\/\/psb-marine.com\/es\/wp-json\/wp\/v2\/users\/1"}],"replies":[{"embeddable":true,"href":"https:\/\/psb-marine.com\/es\/wp-json\/wp\/v2\/comments?post=52068"}],"version-history":[{"count":0,"href":"https:\/\/psb-marine.com\/es\/wp-json\/wp\/v2\/pages\/52068\/revisions"}],"wp:attachment":[{"href":"https:\/\/psb-marine.com\/es\/wp-json\/wp\/v2\/media?parent=52068"}],"curies":[{"name":"wp","href":"https:\/\/api.w.org\/{rel}","templated":true}]}}